{"id":56,"date":"2020-01-02T13:47:51","date_gmt":"2020-01-02T12:47:51","guid":{"rendered":"https:\/\/tuu.de\/?page_id=56"},"modified":"2020-01-02T14:27:42","modified_gmt":"2020-01-02T13:27:42","slug":"datenschutzerklaerung","status":"publish","type":"page","link":"https:\/\/tuu.de\/?page_id=56","title":{"rendered":"DSGVO"},"content":{"rendered":"\n<h1 class=\"wp-block-heading\">Datenschutzerkl\u00e4rung<\/h1>\n\n\n\n<p>Verantwortlicher im Sinne der Datenschutzgesetze, insbesondere der\nEU-Datenschutzgrundverordnung (DSGVO), ist:<\/p>\n\n\n\n<p>Uwe Heisig <br> +49 176 612 67 163 <br> EMail: uweh(at)tuu.de<\/p>\n\n\n\n<h2 class=\"wp-block-heading\">Ihre\nBetroffenenrechte<\/h2>\n\n\n\n<p>Unter den angegebenen Kontaktdaten unseres Datenschutzbeauftragten k\u00f6nnen\nSie jederzeit folgende Rechte aus\u00fcben:<\/p>\n\n\n\n<ul class=\"wp-block-list\"><li>Auskunft \u00fcber Ihre bei uns gespeicherten Daten und\n     deren Verarbeitung (Art. 15 DSGVO),<\/li><li>Berichtigung unrichtiger personenbezogener Daten (Art.\n     16 DSGVO),<\/li><li>L\u00f6schung Ihrer bei uns gespeicherten Daten (Art. 17\n     DSGVO),<\/li><li>Einschr\u00e4nkung der Datenverarbeitung, sofern wir Ihre\n     Daten aufgrund gesetzlicher Pflichten noch nicht l\u00f6schen d\u00fcrfen (Art. 18\n     DSGVO),<\/li><li>Widerspruch gegen die Verarbeitung Ihrer Daten bei uns\n     (Art. 21 DSGVO) und<\/li><li>Daten\u00fcbertragbarkeit, sofern Sie in die\n     Datenverarbeitung eingewilligt haben oder einen Vertrag mit uns\n     abgeschlossen haben (Art. 20 DSGVO).<\/li><\/ul>\n\n\n\n<p>Sofern Sie uns eine Einwilligung erteilt haben, k\u00f6nnen Sie diese jederzeit\nmit Wirkung f\u00fcr die Zukunft widerrufen.<\/p>\n\n\n\n<p>Sie k\u00f6nnen sich jederzeit mit einer Beschwerde an eine Aufsichtsbeh\u00f6rde\nwenden, z. B. an die zust\u00e4ndige Aufsichtsbeh\u00f6rde des Bundeslands Ihres\nWohnsitzes oder an die f\u00fcr uns als verantwortliche Stelle zust\u00e4ndige Beh\u00f6rde.<\/p>\n\n\n\n<p>Eine Liste der Aufsichtsbeh\u00f6rden (f\u00fcr den nicht\u00f6ffentlichen Bereich) mit\nAnschrift finden Sie unter: <a href=\"https:\/\/www.bfdi.bund.de\/DE\/Infothek\/Anschriften_Links\/anschriften_links-node.html\" target=\"_blank\" rel=\"noreferrer noopener\">https:\/\/www.bfdi.bund.de\/DE\/Infothek\/Anschriften_Links\/anschriften_links-node.html<\/a>.<\/p>\n\n\n\n<h2 class=\"wp-block-heading\">Erfassung\nallgemeiner Informationen beim Besuch unserer Website<\/h2>\n\n\n\n<h3 class=\"wp-block-heading\">Art und Zweck der\nVerarbeitung:<\/h3>\n\n\n\n<p>Wenn Sie auf unsere Website zugreifen, d.h., wenn Sie sich nicht\nregistrieren oder anderweitig Informationen \u00fcbermitteln, werden automatisch\nInformationen allgemeiner Natur erfasst. Diese Informationen (Server-Logfiles)\nbeinhalten etwa die Art des Webbrowsers, das verwendete Betriebssystem, den\nDomainnamen Ihres Internet-Service-Providers, Ihre IP-Adresse und \u00e4hnliches. <\/p>\n\n\n\n<p>Sie werden insbesondere zu folgenden Zwecken verarbeitet:<\/p>\n\n\n\n<ul class=\"wp-block-list\"><li>Sicherstellung eines problemlosen Verbindungsaufbaus\n     der Website,<\/li><li>Sicherstellung einer reibungslosen Nutzung unserer\n     Website,<\/li><li>Auswertung der Systemsicherheit und -stabilit\u00e4t sowie<\/li><li>zu weiteren administrativen Zwecken.<\/li><\/ul>\n\n\n\n<p>Wir verwenden Ihre Daten nicht, um R\u00fcckschl\u00fcsse auf Ihre Person zu ziehen.\nInformationen dieser Art werden von uns ggfs. statistisch ausgewertet, um\nunseren Internetauftritt und die dahinterstehende Technik zu optimieren.<\/p>\n\n\n\n<h3 class=\"wp-block-heading\">Rechtsgrundlage:<\/h3>\n\n\n\n<p>Die Verarbeitung erfolgt gem\u00e4\u00df Art. 6 Abs. 1 lit. f DSGVO auf Basis unseres\nberechtigten Interesses an der Verbesserung der Stabilit\u00e4t und Funktionalit\u00e4t\nunserer Website.<\/p>\n\n\n\n<h3 class=\"wp-block-heading\">Empf\u00e4nger:<\/h3>\n\n\n\n<p>Empf\u00e4nger der Daten sind ggf. technische Dienstleister, die f\u00fcr den Betrieb\nund die Wartung unserer Webseite als Auftragsverarbeiter t\u00e4tig werden.<\/p>\n\n\n\n<h3 class=\"wp-block-heading\">Speicherdauer:<\/h3>\n\n\n\n<p>Die Daten werden gel\u00f6scht, sobald diese f\u00fcr den Zweck der Erhebung nicht\nmehr erforderlich sind. Dies ist f\u00fcr die Daten, die der Bereitstellung der\nWebseite dienen, grunds\u00e4tzlich der Fall, wenn die jeweilige Sitzung beendet\nist.<\/p>\n\n\n\n<h3 class=\"wp-block-heading\">Bereitstellung\nvorgeschrieben oder erforderlich:<\/h3>\n\n\n\n<p>Die Bereitstellung der vorgenannten personenbezogenen Daten ist weder\ngesetzlich noch vertraglich vorgeschrieben. Ohne die IP-Adresse ist jedoch der\nDienst und die Funktionsf\u00e4higkeit unserer Website nicht gew\u00e4hrleistet. Zudem\nk\u00f6nnen einzelne Dienste und Services nicht verf\u00fcgbar oder eingeschr\u00e4nkt sein.\nAus diesem Grund ist ein Widerspruch ausgeschlossen. <\/p>\n\n\n\n<h2 class=\"wp-block-heading\">Registrierung auf\nunserer Website<\/h2>\n\n\n\n<h3 class=\"wp-block-heading\">Art und Zweck der\nVerarbeitung:<\/h3>\n\n\n\n<p>Bei der Registrierung f\u00fcr die Nutzung unserer personalisierten Leistungen\nwerden einige personenbezogene Daten erhoben, wie Name, Anschrift, Kontakt- und\nKommunikationsdaten (z. B. Telefonnummer und E-Mail-Adresse). Sind Sie bei uns\nregistriert, k\u00f6nnen Sie auf Inhalte und Leistungen zugreifen, die wir nur\nregistrierten Nutzern anbieten. Angemeldete Nutzer haben zudem die M\u00f6glichkeit,\nbei Bedarf die bei Registrierung angegebenen Daten jederzeit zu \u00e4ndern oder zu\nl\u00f6schen. Selbstverst\u00e4ndlich erteilen wir Ihnen dar\u00fcber hinaus jederzeit\nAuskunft \u00fcber die von uns \u00fcber Sie gespeicherten personenbezogenen Daten.<\/p>\n\n\n\n<h3 class=\"wp-block-heading\">Rechtsgrundlage:<\/h3>\n\n\n\n<p>Die Verarbeitung der bei der Registrierung eingegebenen Daten erfolgt auf\nGrundlage einer Einwilligung des Nutzers (Art. 6 Abs. 1 lit. a DSGVO).<\/p>\n\n\n\n<p>Dient die Registrierung der Erf\u00fcllung eines Vertrages, dessen Vertragspartei\ndie betroffene Person ist oder der Durchf\u00fchrung vorvertraglicher Ma\u00dfnahmen, so\nist zus\u00e4tzliche Rechtsgrundlage f\u00fcr die Verarbeitung der Daten Art. 6 Abs. 1\nlit. b DSGVO.<\/p>\n\n\n\n<h3 class=\"wp-block-heading\">Empf\u00e4nger:<\/h3>\n\n\n\n<p>Empf\u00e4nger der Daten sind ggf. technische Dienstleister, die f\u00fcr den Betrieb\nund die Wartung unserer Website als Auftragsverarbeiter t\u00e4tig werden.<\/p>\n\n\n\n<h3 class=\"wp-block-heading\">Speicherdauer:<\/h3>\n\n\n\n<p>Daten werden in diesem Zusammenhang nur verarbeitet, solange die\nentsprechende Einwilligung vorliegt. Danach werden sie gel\u00f6scht, soweit keine\ngesetzlichen Aufbewahrungspflichten entgegenstehen. Zur Kontaktaufnahme in\ndiesem Zusammenhang nutzen Sie bitte die am Ende dieser Datenschutzerkl\u00e4rung\nangegebenen Kontaktdaten.<\/p>\n\n\n\n<h3 class=\"wp-block-heading\">Bereitstellung\nvorgeschrieben oder erforderlich:<\/h3>\n\n\n\n<p>Die Bereitstellung Ihrer personenbezogenen Daten erfolgt freiwillig, allein\nauf Basis Ihrer Einwilligung. Ohne die Bereitstellung Ihrer personenbezogenen\nDaten k\u00f6nnen wir Ihnen keinen Zugang auf unsere angebotenen Inhalte und\nLeistungen gew\u00e4hren.<\/p>\n\n\n\n<h2 class=\"wp-block-heading\">Erbringung\nkostenpflichtiger Leistungen<\/h2>\n\n\n\n<h3 class=\"wp-block-heading\">Art und Zweck der\nVerarbeitung:<\/h3>\n\n\n\n<p>Zur Erbringung kostenpflichtiger Leistungen werden von uns zus\u00e4tzliche Daten\nerfragt, wie z.B. Zahlungsangaben, um Ihre Bestellung ausf\u00fchren zu k\u00f6nnen.<\/p>\n\n\n\n<h3 class=\"wp-block-heading\">Rechtsgrundlage:<\/h3>\n\n\n\n<p>Die Verarbeitung der Daten, die f\u00fcr den Abschluss des Vertrages erforderlich\nist, basiert auf Art. 6 Abs. 1 lit. b DSGVO.<\/p>\n\n\n\n<h3 class=\"wp-block-heading\">Empf\u00e4nger:<\/h3>\n\n\n\n<p>Empf\u00e4nger der Daten sind ggf. Auftragsverarbeiter.<\/p>\n\n\n\n<h3 class=\"wp-block-heading\">Speicherdauer:<\/h3>\n\n\n\n<p>Wir speichern diese Daten in unseren Systemen bis die gesetzlichen\nAufbewahrungsfristen abgelaufen sind. Diese betragen grunds\u00e4tzlich 6 oder 10\nJahre aus Gr\u00fcnden der ordnungsm\u00e4\u00dfigen Buchf\u00fchrung und steuerrechtlichen\nAnforderungen.<\/p>\n\n\n\n<h3 class=\"wp-block-heading\">Bereitstellung\nvorgeschrieben oder erforderlich:<\/h3>\n\n\n\n<p>Die Bereitstellung Ihrer personenbezogenen Daten erfolgt freiwillig. Ohne\ndie Bereitstellung Ihrer personenbezogenen Daten k\u00f6nnen wir Ihnen keinen Zugang\nauf unsere angebotenen Inhalte und Leistungen gew\u00e4hren.<\/p>\n\n\n\n<h2 class=\"wp-block-heading\">Eingebettete\nYouTube-Videos<\/h2>\n\n\n\n<h3 class=\"wp-block-heading\">Art und Zweck der\nVerarbeitung:<\/h3>\n\n\n\n<p>Auf einigen unserer Webseiten betten wir YouTube-Videos ein. Betreiber der\nentsprechenden Plugins ist die YouTube, LLC, 901 Cherry Ave., San Bruno, CA\n94066, USA (nachfolgend \u201eYouTube\u201c). Wenn Sie eine Seite mit dem YouTube-Plugin\nbesuchen, wird eine Verbindung zu Servern von YouTube hergestellt. Dabei wird\nYouTube mitgeteilt, welche Seiten Sie besuchen. Wenn Sie in Ihrem\nYouTube-Account eingeloggt sind, kann YouTube Ihr Surfverhalten Ihnen\npers\u00f6nlich zuzuordnen. Dies verhindern Sie, indem Sie sich vorher aus Ihrem\nYouTube-Account ausloggen.<\/p>\n\n\n\n<p>Wird ein YouTube-Video gestartet, setzt der Anbieter Cookies ein, die\nHinweise \u00fcber das Nutzerverhalten sammeln.<\/p>\n\n\n\n<p>Weitere Informationen zu Zweck und Umfang der Datenerhebung und ihrer\nVerarbeitung durch YouTube erhalten Sie in den Datenschutzerkl\u00e4rungen des\nAnbieters, Dort erhalten Sie auch weitere Informationen zu Ihren\ndiesbez\u00fcglichen Rechten und Einstellungsm\u00f6glichkeiten zum Schutze Ihrer\nPrivatsph\u00e4re (<a href=\"https:\/\/policies.google.com\/privacy\">https:\/\/policies.google.com\/privacy<\/a>).\nGoogle verarbeitet Ihre Daten in den USA und hat sich dem EU-US Privacy Shield\nunterworfen <a href=\"https:\/\/www.privacyshield.gov\/EU-US-Framework\">https:\/\/www.privacyshield.gov\/EU-US-Framework<\/a><\/p>\n\n\n\n<h3 class=\"wp-block-heading\">Rechtsgrundlage:<\/h3>\n\n\n\n<p>Rechtsgrundlage f\u00fcr die Einbindung von YouTube und dem damit verbundenen\nDatentransfer zu Google ist Ihre Einwilligung (Art. 6 Abs. 1 lit. a DSGVO).<\/p>\n\n\n\n<h3 class=\"wp-block-heading\">Empf\u00e4nger:<\/h3>\n\n\n\n<p>Der Aufruf von YouTube l\u00f6st automatisch eine Verbindung zu Google aus.<\/p>\n\n\n\n<h3 class=\"wp-block-heading\">Speicherdauer und\nWiderruf der Einwilligung:<\/h3>\n\n\n\n<p>Wer das Speichern von Cookies f\u00fcr das Google-Ad-Programm deaktiviert hat,\nwird auch beim Anschauen von YouTube-Videos mit keinen solchen Cookies rechnen\nm\u00fcssen. YouTube legt aber auch in anderen Cookies nicht-personenbezogene\nNutzungsinformationen ab. M\u00f6chten Sie dies verhindern, so m\u00fcssen Sie das\nSpeichern von Cookies im Browser blockieren.<\/p>\n\n\n\n<p>Weitere Informationen zum Datenschutz bei \u201eYouTube\u201c finden Sie in der\nDatenschutzerkl\u00e4rung des Anbieters unter: <a href=\"https:\/\/www.google.de\/intl\/de\/policies\/privacy\/\">https:\/\/www.google.de\/intl\/de\/policies\/privacy\/\n<\/a><\/p>\n\n\n\n<h3 class=\"wp-block-heading\">Drittlandtransfer:<\/h3>\n\n\n\n<p>Google verarbeitet Ihre Daten in den USA und hat sich dem EU_US Privacy\nShield unterworfen <a href=\"https:\/\/www.privacyshield.gov\/EU-US-Framework\">https:\/\/www.privacyshield.gov\/EU-US-Framework<\/a>.<\/p>\n\n\n\n<h3 class=\"wp-block-heading\">Bereitstellung\nvorgeschrieben oder erforderlich:<\/h3>\n\n\n\n<p>Die Bereitstellung Ihrer personenbezogenen Daten erfolgt freiwillig, allein\nauf Basis Ihrer Einwilligung. Sofern Sie den Zugriff unterbinden, kann es\nhierdurch zu Funktionseinschr\u00e4nkungen auf der Website kommen.<\/p>\n\n\n\n<h2 class=\"wp-block-heading\">SSL-Verschl\u00fcsselung<\/h2>\n\n\n\n<p>Um die Sicherheit Ihrer Daten bei der \u00dcbertragung zu sch\u00fctzen, verwenden wir\ndem aktuellen Stand der Technik entsprechende Verschl\u00fcsselungsverfahren (z. B.\nSSL) \u00fcber HTTPS.<\/p>\n\n\n\n<h2 class=\"wp-block-heading\">\u00c4nderung unserer\nDatenschutzbestimmungen<\/h2>\n\n\n\n<p>Wir behalten uns vor, diese Datenschutzerkl\u00e4rung anzupassen, damit sie stets\nden aktuellen rechtlichen Anforderungen entspricht oder um \u00c4nderungen unserer\nLeistungen in der Datenschutzerkl\u00e4rung umzusetzen, z.B. bei der Einf\u00fchrung\nneuer Services. F\u00fcr Ihren erneuten Besuch gilt dann die neue\nDatenschutzerkl\u00e4rung.<\/p>\n\n\n\n<h2 class=\"wp-block-heading\">Fragen an den\nDatenschutzbeauftragten<\/h2>\n\n\n\n<p>Wenn Sie Fragen zum Datenschutz haben, schreiben Sie uns bitte eine E-Mail\noder wenden Sie sich direkt an die f\u00fcr den Datenschutz verantwortliche Person\nin unserer Organisation:<\/p>\n\n\n\n<p> uweh(at)tuu.de <\/p>\n\n\n\n<p><em>Die Datenschutzerkl\u00e4rung wurde mithilfe der activeMind AG erstellt, den\nExperten f\u00fcr <a href=\"https:\/\/www.activemind.de\/datenschutz\/datenschutzhinweis-generator\/\" target=\"_blank\" rel=\"noreferrer noopener\">externe Datenschutzbeauftragte<\/a> (Version #2019-04-10).<\/em><\/p>\n","protected":false},"excerpt":{"rendered":"<p>Datenschutzerkl\u00e4rung Verantwortlicher im Sinne der Datenschutzgesetze, insbesondere der EU-Datenschutzgrundverordnung (DSGVO), ist: Uwe Heisig +49 176 612 67 163 EMail: uweh(at)tuu.de Ihre Betroffenenrechte Unter den angegebenen&#8230;<\/p>\n","protected":false},"author":1,"featured_media":0,"parent":0,"menu_order":0,"comment_status":"closed","ping_status":"closed","template":"","meta":{"footnotes":""},"class_list":["post-56","page","type-page","status-publish","hentry"],"_links":{"self":[{"href":"https:\/\/tuu.de\/index.php?rest_route=\/wp\/v2\/pages\/56","targetHints":{"allow":["GET"]}}],"collection":[{"href":"https:\/\/tuu.de\/index.php?rest_route=\/wp\/v2\/pages"}],"about":[{"href":"https:\/\/tuu.de\/index.php?rest_route=\/wp\/v2\/types\/page"}],"author":[{"embeddable":true,"href":"https:\/\/tuu.de\/index.php?rest_route=\/wp\/v2\/users\/1"}],"replies":[{"embeddable":true,"href":"https:\/\/tuu.de\/index.php?rest_route=%2Fwp%2Fv2%2Fcomments&post=56"}],"version-history":[{"count":5,"href":"https:\/\/tuu.de\/index.php?rest_route=\/wp\/v2\/pages\/56\/revisions"}],"predecessor-version":[{"id":63,"href":"https:\/\/tuu.de\/index.php?rest_route=\/wp\/v2\/pages\/56\/revisions\/63"}],"wp:attachment":[{"href":"https:\/\/tuu.de\/index.php?rest_route=%2Fwp%2Fv2%2Fmedia&parent=56"}],"curies":[{"name":"wp","href":"https:\/\/api.w.org\/{rel}","templated":true}]}}